{"id":754,"date":"2019-04-20T14:55:46","date_gmt":"2019-04-20T19:55:46","guid":{"rendered":"https:\/\/www.realcsfa.edu.co\/portal\/?page_id=754"},"modified":"2023-05-16T10:56:03","modified_gmt":"2023-05-16T15:56:03","slug":"coordinacion-general-academica","status":"publish","type":"page","link":"https:\/\/www.realcsfa.edu.co\/portal\/coordinacion-general-academica\/","title":{"rendered":"Coordinaci\u00f3n General: Acad\u00e9mica"},"content":{"rendered":"<p>[vc_row][vc_column][vc_column_text]<\/p>\n<p style=\"text-align: center;\"><img loading=\"lazy\" decoding=\"async\" class=\"aligncenter wp-image-1930 \" src=\"https:\/\/www.realcsfa.edu.co\/portal\/wp-content\/uploads\/2023\/05\/3.-Belisario-Tobar-Guerrero-Coordinador-Academico-300x293.png\" alt=\"\" width=\"187\" height=\"183\" srcset=\"https:\/\/www.realcsfa.edu.co\/portal\/wp-content\/uploads\/2023\/05\/3.-Belisario-Tobar-Guerrero-Coordinador-Academico-300x293.png 300w, https:\/\/www.realcsfa.edu.co\/portal\/wp-content\/uploads\/2023\/05\/3.-Belisario-Tobar-Guerrero-Coordinador-Academico-65x65.png 65w, https:\/\/www.realcsfa.edu.co\/portal\/wp-content\/uploads\/2023\/05\/3.-Belisario-Tobar-Guerrero-Coordinador-Academico.png 754w\" sizes=\"auto, (max-width: 187px) 100vw, 187px\" \/><strong>Belisario Tobar Guerrero<\/strong><\/p>\n<p style=\"text-align: center;\"><strong>Coordinador\u00a0<\/strong><b>Acad\u00e9mico<\/b><\/p>\n<hr \/>\n<p style=\"text-align: center;\"><strong>Informaci\u00f3n de contacto:<\/strong><\/p>\n<p style=\"text-align: center;\"><strong>Correo institucional:<\/strong> <a href=\"mailto:coacademico@realcsfa.edu.co\">coacademico@realcsfa.edu.co<\/a><\/p>\n<p>&nbsp;[\/vc_column_text][vc_column_text]Se encarga de la administraci\u00f3n acad\u00e9mica del Colegio, planeando, programando y coordinando la acci\u00f3n acad\u00e9mica con la administraci\u00f3n de alumnos y profesores, de acuerdo con los objetivos curriculares.<\/p>\n<p>Entre sus funciones est\u00e1 el dirigir y supervisar la ejecuci\u00f3n y evaluaci\u00f3n de las actividades y rendimiento acad\u00e9micas, por ello en conjunto con el Consejo Acad\u00e9mico, lidera el Sistema de Evaluaci\u00f3n y Promoc\u00ed\u00f3n.<\/p>\n<p>Desde la Coordinaci\u00f3n se recoge lo que se considera una de las funciones m\u00e1s claves de la instituci\u00f3n educativa y su raz\u00f3n de ser: asegurar las competencias de los estudiantes. Se indaga por los elementos estructurales de la gesti\u00f3n acad\u00e9mica, los aspectos b\u00e1sicos de las pr\u00e1cticas en el aula, el seguimiento y la evaluaci\u00f3n.<\/p>\n<p>Desde los tres procesos de la gesti\u00f3n se proyectan unos prop\u00f3sitos fundamentales que se plasman en planes de mejoramiento:<\/p>\n<p>Reflexionar, repensar y reconstruir el modelo pedag\u00f3gico como horizonte institucional que aborde la formaci\u00f3n como eje de desarrollo y el desarrollo de competencias.<\/p>\n<p>Adelantar la propuesta investigativa que permita caracterizar la pr\u00e1ctica pedag\u00f3gica en el Real Colegio San Francisco de As\u00eds.<\/p>\n<p>Involucrar a los padres de familia en el proceso formativo del estudiante para buscar mejores desempe\u00f1os, como de igual forma que el estudiante asuma su responsabilidad con los deberes escolares.<\/p>\n<p>Asumir la investigaci\u00f3n y seguimiento de la propuesta pedag\u00f3gica para determinar aciertos y desaciertos.<\/p>\n<p>Optimizar y capacitar en el uso de los recursos educativos.[\/vc_column_text][\/vc_column][\/vc_row][vc_row][vc_column][vc_empty_space][\/vc_column][\/vc_row][vc_row][vc_column][vc_column_text]<span style=\"color: #ff0000;\"><strong>Almac\u00e9n, Ayudas Educativas y Laboratorio<\/strong><\/span><\/p>\n<p><strong>Encargada: Nury Caicedo Vargas<\/strong><\/p>\n<p>Correo electr\u00f3nico: ncaicedo@realcsfa.edu.co<br \/>\nTel\u00e9fono: 8334363 &#8211; 8333739 &#8211; 8333317 Ext. 118<br \/>\nHorario de Atenci\u00f3n<br \/>\nLunes a Viernes: 7:00 a.m. &#8211; 3:00 p.m<\/p>\n<p>&nbsp;[\/vc_column_text][\/vc_column][\/vc_row][vc_row][vc_column][\/vc_column][\/vc_row]<\/p>\n","protected":false},"excerpt":{"rendered":"<p>[vc_row][vc_column][vc_column_text] Belisario Tobar Guerrero Coordinador\u00a0Acad\u00e9mico Informaci\u00f3n de contacto: Correo institucional: coacademico@realcsfa.edu.co &nbsp;[\/vc_column_text][vc_column_text]Se encarga de la administraci\u00f3n acad\u00e9mica del Colegio, planeando, programando y coordinando la acci\u00f3n acad\u00e9mica con la administraci\u00f3n de alumnos y profesores, de acuerdo con los objetivos curriculares. Entre sus funciones est\u00e1 el dirigir y supervisar la ejecuci\u00f3n y evaluaci\u00f3n de las actividades y [&hellip;]<\/p>\n","protected":false},"author":1,"featured_media":0,"parent":0,"menu_order":0,"comment_status":"closed","ping_status":"closed","template":"","meta":{"footnotes":""},"class_list":["post-754","page","type-page","status-publish","hentry"],"_links":{"self":[{"href":"https:\/\/www.realcsfa.edu.co\/portal\/wp-json\/wp\/v2\/pages\/754","targetHints":{"allow":["GET"]}}],"collection":[{"href":"https:\/\/www.realcsfa.edu.co\/portal\/wp-json\/wp\/v2\/pages"}],"about":[{"href":"https:\/\/www.realcsfa.edu.co\/portal\/wp-json\/wp\/v2\/types\/page"}],"author":[{"embeddable":true,"href":"https:\/\/www.realcsfa.edu.co\/portal\/wp-json\/wp\/v2\/users\/1"}],"replies":[{"embeddable":true,"href":"https:\/\/www.realcsfa.edu.co\/portal\/wp-json\/wp\/v2\/comments?post=754"}],"version-history":[{"count":5,"href":"https:\/\/www.realcsfa.edu.co\/portal\/wp-json\/wp\/v2\/pages\/754\/revisions"}],"predecessor-version":[{"id":1938,"href":"https:\/\/www.realcsfa.edu.co\/portal\/wp-json\/wp\/v2\/pages\/754\/revisions\/1938"}],"wp:attachment":[{"href":"https:\/\/www.realcsfa.edu.co\/portal\/wp-json\/wp\/v2\/media?parent=754"}],"curies":[{"name":"wp","href":"https:\/\/api.w.org\/{rel}","templated":true}]}}