{"id":272,"date":"2019-04-16T10:43:04","date_gmt":"2019-04-16T15:43:04","guid":{"rendered":"https:\/\/www.realcsfa.edu.co\/portal\/?page_id=272"},"modified":"2019-04-20T08:45:49","modified_gmt":"2019-04-20T13:45:49","slug":"padres","status":"publish","type":"page","link":"https:\/\/www.realcsfa.edu.co\/portal\/padres\/","title":{"rendered":"Padres"},"content":{"rendered":"<p>[vc_row][vc_column][vc_text_separator title=&#8221;Derechos de los Padres de Familia&#8221; border_width=&#8221;3&#8243;][vc_column_text]<\/p>\n<p>Conocer con anticipaci\u00f3n o en el momento de la matr\u00edcula las caracter\u00edsticas del establecimiento educativo, los principios que orientan el proyecto educativo institucional, el manual de convivencia, el plan de estudios, las estrategias pedag\u00f3gicas b\u00e1sicas, el sistema de evaluaci\u00f3n escolar y el plan de mejoramiento institucional. <br \/>\u00a0<br \/>Recibir trato cordial y respetuoso por parte de Directivos, profesores y todo el personal que labora en la instituci\u00f3n.<br \/>\u00a0<br \/>Expresar de manera respetuosa y por conducto regular sus opiniones respecto del proceso educativo de sus hijos, y sobre el grado de idoneidad del personal docente y directivo de la instituci\u00f3n educativa.<br \/>\u00a0<br \/>Ser atendido en sus justos reclamos siempre y cuando lo haga respetuosamente y utilizando el conducto regular.<br \/>\u00a0<br \/>Elegir y ser elegido en las organizaciones de padres de familia, consejos y comit\u00e9s estipuladas por la ley.<br \/>\u00a0<br \/>Presentar sugerencias y opiniones que puedan favorecer el progreso y mejoramiento de la instituci\u00f3n.<\/p>\n<p>\u00a0<br \/>Recibir oportunamente el informe acad\u00e9mico de asistencia y comportamiento de sus hijos.<\/p>\n<p>\u00a0<br \/>Ser escuchados en sus iniciativas y criticas constructivas.<\/p>\n<p>\u00a0<br \/>Participar en el proceso educativo que desarrolle el establecimiento en que est\u00e1n matriculados sus hijos y, de manera especial, en la construcci\u00f3n, ejecuci\u00f3n y modificaci\u00f3n del proyecto educativo institucional.<\/p>\n<p>\u00a0<br \/>Participar din\u00e1micamente en las actividades que el colegio programe.<br \/>\u00a0<br \/>Conocer con anterioridad la citaci\u00f3n o el bolet\u00edn donde se informe el compromiso con el colegio.<br \/>\u00a0<br \/>Solicitar permisos en forma personal, y\/o por escrito, ante la coordinaci\u00f3n de Convivencia.<br \/>\u00a0<br \/>Recibir durante el a\u00f1o escolar y en forma peri\u00f3dica, informaci\u00f3n sobre el rendimiento acad\u00e9mico y el comportamiento de sus hijos.<br \/>\u00a0<br \/>Recibir notificaci\u00f3n del colegio sobre cualquier innovaci\u00f3n y actividad que involucre a los hijos y a la familia.<br \/>\u00a0<br \/>Ser informados oportunamente sobre las disposiciones y los eventos que el colegio acuerde.<br \/>\u00a0<br \/>Solicitar explicaciones claras y precisas sobre el rendimiento escolar y comportamiento de sus hijos o acudidos.<br \/>\u00a0<br \/>Presentar peticiones respetuosas a los distintos estamentos del colegio y obtener pronta y debida respuesta.<br \/>\u00a0<br \/>Tener en cuenta las consideraciones y aportes de los padres de familia para el mejoramiento del Manual de Convivencia.<br \/>\u00a0<br \/>Ser atendido en el horario que el colegio establece para la atenci\u00f3n de padres.<\/p>\n<p>[\/vc_column_text][\/vc_column][\/vc_row][vc_row][vc_column][vc_empty_space][vc_text_separator title=&#8221;Deberes de los Padres de Familia&#8221; border_width=&#8221;3&#8243;][vc_column_text]<\/p>\n<p>Matricular oportunamente a sus hijos en el colegio y asegurar la permanencia durante el a\u00f1o acad\u00e9mico.<\/p>\n<p>\u00a0<br \/>Contribuir para que el servicio educativo sea arm\u00f3nico con el ejercicio del derecho a la educaci\u00f3n y en cumplimiento de sus fines sociales y legales.<\/p>\n<p>\u00a0<br \/>Ser ejemplo de vida cristiana para sus hijos (as) en todo momento y lugar.<br \/>\u00a0<br \/>Conocer el manual de Convivencia, Principios, Filosof\u00eda, Objetivos y programas de la instituci\u00f3n.<br \/>\u00a0<br \/>Contribuir en la construcci\u00f3n de un clima de respeto, tolerancia y responsabilidad mutua que favorezca la educaci\u00f3n de los hijos y la mejor relaci\u00f3n entre los miembros de la comunidad educativa.<br \/>\u00a0<br \/>Aceptar y respaldar los principios pedag\u00f3gicos que rigen al colegio.<\/p>\n<p>\u00a0<br \/>Presentarse al colegio cuando los directivos o docentes lo soliciten ya sea a trav\u00e9s de los estudiantes y\/o notas escritas.<\/p>\n<p>\u00a0<br \/>Cumplir con las obligaciones contra\u00eddas en el acto de matr\u00edcula y en el manual de convivencia para facilitar el proceso educativo.<\/p>\n<p>\u00a0<br \/>Colaborar con el Director de Grupo, Docentes y Directivos en lo que corresponda al proceso formativo y desarrollo integral de sus hijos (as).<\/p>\n<p>\u00a0<br \/>Apoyar al establecimiento en el desarrollo de las acciones que conduzcan al mejoramiento del servicio educativo y que eleven la calidad de los aprendizajes, especialmente en la formulaci\u00f3n y desarrollo de los planes de mejoramiento institucional.<br \/>\u00a0<br \/>Colaborar en la soluci\u00f3n de problemas acad\u00e9micos, de convivencia de sus hijos (as) seg\u00fan el conducto regular.<br \/>\u00a0<br \/>Proporcionar a su hijo (a) o acudido (a) los materiales necesarios para el aprendizaje as\u00ed como los uniformes de diario y Educaci\u00f3n f\u00edsica.<br \/>\u00a0<br \/>Responder por cualquier da\u00f1o que ocasione su hijo (a) en perjuicio de personas y enseres del colegio dentro o fuera de \u00e9l.<br \/>\u00a0<br \/>Asistir y Participar din\u00e1micamente en las actividades que el colegio programe. <br \/>\u00a0<br \/>Ser tolerante en los triunfos y en las dificultades.<br \/>\u00a0<br \/>Respetar los horarios de clase y no interrumpir las actividades en el colegio.<br \/>\u00a0<br \/>Asumir la responsabilidad de padre y primer educador de sus hijos(as).<br \/>\u00a0<br \/>Inculcar a sus hijos (as) responsabilidad, aseo personal, puntualidad orden y honestidad en todo.<br \/>\u00a0<br \/>Enviar puntualmente a su hijo (a) al colegio de acuerdo con el o los horarios establecidos. <br \/>\u00a0<br \/>Comunicar por escrito y en forma inmediata cualquier ausencia justificada de su hijo (a).<br \/>\u00a0<br \/>Reportar oportunamente el retiro de su hijo (a) y la justificaci\u00f3n del mismo.<br \/>\u00a0<br \/>Cancelar, dentro de los cinco (5) primeros d\u00edas de cada mes, los compromisos econ\u00f3micos adquiridos con el colegio. <br \/>\u00a0<br \/>Respetar y ajustarse al calendario escolar establecido por el colegio.<br \/>\u00a0<br \/>Respetar el conducto regular (Profesor asignatura, director de grupo, coordinadores, comisi\u00f3n evaluadora, rector\u00eda y secretar\u00eda de Educaci\u00f3n).<br \/>\u00a0<br \/>Acompa\u00f1ar el proceso educativo en cumplimiento de su responsabilidad como primeros educadores de sus hijos, para mejorar la orientaci\u00f3n personal y el desarrollo de valores ciudadanos.<br \/>\u00a0<br \/>Educar a sus hijos y proporcionarles en el hogar un ambiente familiar que garantice su desarrollo arm\u00f3nico e intelectual.<br \/>\u00a0<br \/>Comunicar oportunamente al colegio y si es su deseo de acuerdo a la constituci\u00f3n (no esta obligado) y a las autoridades competentes las irregularidades como: el maltrato infantil, abuso sexual, tr\u00e1fico o consumo de drogas il\u00edcitas, entre otras. <br \/>\u00a0<br \/>Aportar ideas, iniciativas y trabajo que redunden en beneficio del colegio y de sus hijos.<br \/>\u00a0<br \/>Conformar el Consejo de Padres o la Asociaci\u00f3n de Padres de Familia. Art\u00edculo 5 del decreto 1286 del 27 de abril de 2005.<\/p>\n<p>[\/vc_column_text][\/vc_column][\/vc_row][vc_row][vc_column][vc_empty_space][vc_text_separator title=&#8221;Asociaci\u00f3n de Padres de Familia&#8221; border_width=&#8221;3&#8243;][vc_row_inner][vc_column_inner width=&#8221;2\/3&#8243;][vc_column_text]<\/p>\n<p>Dentro de las funciones de la Asociaci\u00f3n de Padres de Familia se encuentran el apoyar los programas del plantel en todo sentido, colaborar con el colegio en el mejoramiento de servicios a los estudiantes y ser apoyo incondicional del Rector, Directivas y profesores en el mejoramiento disciplinario y acad\u00e9mico.<br \/>\u00a0<br \/>Deber\u00e1 velar por el cumplimiento del PEI -Proyecto Educativo Institucional- y su continua evaluaci\u00f3n; promover programas de formaci\u00f3n de los padres para cumplir adecuadamente la tarea educativa que les corresponda y promover el proceso de constituci\u00f3n del Consejo de Padres de Familia, como apoyo a la funci\u00f3n pedag\u00f3gica que les compete.<\/p>\n<p>[\/vc_column_text][\/vc_column_inner][vc_column_inner width=&#8221;1\/3&#8243;][vc_empty_space][vc_icon icon_fontawesome=&#8221;fa fa-gavel&#8221; color=&#8221;white&#8221; background_style=&#8221;rounded&#8221; background_color=&#8221;mulled_wine&#8221; size=&#8221;xl&#8221; align=&#8221;center&#8221;][vc_column_text]<\/p>\n<p style=\"text-align: center;\"><strong><span style=\"color: #666666; font-family: Arial, Helvetica, sans-serif; font-size: small;\">Ver estatutos de la Asociaci\u00f3n<\/span><\/strong><\/p>\n<p>[\/vc_column_text][\/vc_column_inner][\/vc_row_inner][\/vc_column][\/vc_row][vc_row][vc_column][vc_empty_space][vc_text_separator title=&#8221;Consejo de Padres de Familia&#8221; border_width=&#8221;3&#8243;][vc_column_text]<\/p>\n<p>\u00a0<br \/>El Consejo de Padres de Familia, como \u00f3rgano de la Asociaci\u00f3n de Padres de Familia, es un medio para asegurar la continua participaci\u00f3n de los padres y acudientes en el proceso pedag\u00f3gico del establecimiento. Podr\u00e1 estar integrado por los voceros de los padres de los alumnos que cursan cada uno de los diferentes grados que ofrece la instituci\u00f3n, o por cualquier otro esquema definido en el seno de la Asociaci\u00f3n.<br \/>\u00a0<br \/>\u00a0<br \/>La Junta Directiva de la Asociaci\u00f3n de padres de familia convocar\u00e1 dentro de los primeros treinta d\u00edas calendario siguientes al de la iniciaci\u00f3n de clases del per\u00edodo lectivo anual, a sendas asambleas de los padres de familia de los alumnos de cada grado, en las cuales se elegir\u00e1 para el correspondiente a\u00f1o lectivo a uno de ellos como su vocero. La elecci\u00f3n se efectuar\u00e1 por mayor\u00eda de votos de los miembros presentes, despu\u00e9s de trascurrida la primera hora de iniciada la asamblea.<\/p>\n<p>[\/vc_column_text][\/vc_column][\/vc_row][vc_row][vc_column width=&#8221;2\/3&#8243;][vc_empty_space][vc_tta_accordion][vc_tta_section title=&#8221;Presidente&#8221; tab_id=&#8221;1555766910920-c228cbb6-9ff7&#8243;][vc_row_inner][vc_column_inner width=&#8221;1\/6&#8243;][vc_icon icon_fontawesome=&#8221;fa fa-user-o&#8221; color=&#8221;juicy_pink&#8221; size=&#8221;lg&#8221; align=&#8221;center&#8221;][\/vc_column_inner][vc_column_inner width=&#8221;2\/3&#8243;][vc_column_text]<\/p>\n<p><span style=\"font-family: Arial, Helvetica, sans-serif;\">Jaime Alberto Moncayo<\/span><\/p>\n<p>[\/vc_column_text][\/vc_column_inner][vc_column_inner width=&#8221;1\/6&#8243;][\/vc_column_inner][\/vc_row_inner][\/vc_tta_section][vc_tta_section title=&#8221;Vicepresidente&#8221; tab_id=&#8221;1555767097718-6d070c76-3b84&#8243;][vc_row_inner][vc_column_inner width=&#8221;1\/6&#8243;][vc_icon icon_fontawesome=&#8221;fa fa-user-o&#8221; color=&#8221;juicy_pink&#8221; size=&#8221;lg&#8221; align=&#8221;center&#8221;][\/vc_column_inner][vc_column_inner width=&#8221;2\/3&#8243;][vc_column_text]<\/p>\n<p><span style=\"font-family: Arial, Helvetica, sans-serif;\">Laureano rosero Morales<\/span><\/p>\n<p>[\/vc_column_text][\/vc_column_inner][vc_column_inner width=&#8221;1\/6&#8243;][\/vc_column_inner][\/vc_row_inner][\/vc_tta_section][vc_tta_section title=&#8221;Tesorera&#8221; tab_id=&#8221;1555767150931-c4dce95e-c28b&#8221;][vc_row_inner][vc_column_inner width=&#8221;1\/6&#8243;][vc_icon icon_fontawesome=&#8221;fa fa-user-o&#8221; color=&#8221;juicy_pink&#8221; size=&#8221;lg&#8221; align=&#8221;center&#8221;][\/vc_column_inner][vc_column_inner width=&#8221;2\/3&#8243;][vc_column_text]<\/p>\n<p><span style=\"font-family: Arial, Helvetica, sans-serif;\">Alba Eugenia Erazo<\/span><\/p>\n<p>[\/vc_column_text][\/vc_column_inner][vc_column_inner width=&#8221;1\/6&#8243;][\/vc_column_inner][\/vc_row_inner][\/vc_tta_section][vc_tta_section title=&#8221;Fiscal&#8221; tab_id=&#8221;1555767260460-d731bd89-a7f6&#8243;][vc_row_inner][vc_column_inner width=&#8221;1\/6&#8243;][vc_icon icon_fontawesome=&#8221;fa fa-user-o&#8221; color=&#8221;juicy_pink&#8221; size=&#8221;lg&#8221; align=&#8221;center&#8221;][\/vc_column_inner][vc_column_inner width=&#8221;2\/3&#8243;][vc_column_text]<\/p>\n<p><span style=\"font-family: Arial, Helvetica, sans-serif;\">Hebert Jair G\u00f3mez<\/span><\/p>\n<p>[\/vc_column_text][\/vc_column_inner][vc_column_inner width=&#8221;1\/6&#8243;][\/vc_column_inner][\/vc_row_inner][\/vc_tta_section][vc_tta_section title=&#8221;Secretaria&#8221; tab_id=&#8221;1555767304173-7d86fef6-49fc&#8221;][vc_row_inner][vc_column_inner width=&#8221;1\/6&#8243;][vc_icon icon_fontawesome=&#8221;fa fa-user-o&#8221; color=&#8221;juicy_pink&#8221; size=&#8221;lg&#8221; align=&#8221;center&#8221;][\/vc_column_inner][vc_column_inner width=&#8221;2\/3&#8243;][vc_column_text]<\/p>\n<p><span style=\"font-family: Arial, Helvetica, sans-serif;\">Alix Hurtado<\/span><\/p>\n<p>[\/vc_column_text][\/vc_column_inner][vc_column_inner width=&#8221;1\/6&#8243;][\/vc_column_inner][\/vc_row_inner][\/vc_tta_section][vc_tta_section title=&#8221;Vocal&#8221; tab_id=&#8221;1555767331053-0947dd44-7a8b&#8221;][vc_row_inner][vc_column_inner width=&#8221;1\/6&#8243;][vc_icon icon_fontawesome=&#8221;fa fa-user-o&#8221; color=&#8221;juicy_pink&#8221; size=&#8221;lg&#8221; align=&#8221;center&#8221;][\/vc_column_inner][vc_column_inner width=&#8221;2\/3&#8243;][vc_column_text]<\/p>\n<p><span style=\"font-family: Arial, Helvetica, sans-serif;\">Estela Sarria<\/span><\/p>\n<p>[\/vc_column_text][\/vc_column_inner][vc_column_inner width=&#8221;1\/6&#8243;][\/vc_column_inner][\/vc_row_inner][vc_row_inner][vc_column_inner width=&#8221;1\/6&#8243;][vc_icon icon_fontawesome=&#8221;fa fa-user-o&#8221; color=&#8221;juicy_pink&#8221; size=&#8221;lg&#8221; align=&#8221;center&#8221;][\/vc_column_inner][vc_column_inner width=&#8221;2\/3&#8243;][vc_column_text]<\/p>\n<p><span style=\"font-family: Arial, Helvetica, sans-serif;\">Julian Conde<\/span><\/p>\n<p>[\/vc_column_text][\/vc_column_inner][vc_column_inner width=&#8221;1\/6&#8243;][\/vc_column_inner][\/vc_row_inner][vc_row_inner][vc_column_inner width=&#8221;1\/6&#8243;][vc_icon icon_fontawesome=&#8221;fa fa-user-o&#8221; color=&#8221;juicy_pink&#8221; size=&#8221;lg&#8221; align=&#8221;center&#8221;][\/vc_column_inner][vc_column_inner width=&#8221;2\/3&#8243;][vc_column_text]<\/p>\n<p><span style=\"font-family: Arial, Helvetica, sans-serif;\">Marco Antonio Valencia<\/span><\/p>\n<p>[\/vc_column_text][\/vc_column_inner][vc_column_inner width=&#8221;1\/6&#8243;][\/vc_column_inner][\/vc_row_inner][vc_row_inner][vc_column_inner width=&#8221;1\/6&#8243;][vc_icon icon_fontawesome=&#8221;fa fa-user-o&#8221; color=&#8221;juicy_pink&#8221; size=&#8221;lg&#8221; align=&#8221;center&#8221;][\/vc_column_inner][vc_column_inner width=&#8221;2\/3&#8243;][vc_column_text]<\/p>\n<p><span style=\"font-family: Arial, Helvetica, sans-serif;\">Marco Antonio Valencia<\/span><\/p>\n<p>[\/vc_column_text][\/vc_column_inner][vc_column_inner width=&#8221;1\/6&#8243;][\/vc_column_inner][\/vc_row_inner][vc_row_inner][vc_column_inner width=&#8221;1\/6&#8243;][vc_icon icon_fontawesome=&#8221;fa fa-user-o&#8221; color=&#8221;juicy_pink&#8221; size=&#8221;lg&#8221; align=&#8221;center&#8221;][\/vc_column_inner][vc_column_inner width=&#8221;2\/3&#8243;][vc_column_text]<\/p>\n<p><span style=\"font-family: Arial, Helvetica, sans-serif;\">Adrian Danilo Astudillo<\/span><\/p>\n<p>[\/vc_column_text][\/vc_column_inner][vc_column_inner width=&#8221;1\/6&#8243;][\/vc_column_inner][\/vc_row_inner][vc_row_inner][vc_column_inner width=&#8221;1\/6&#8243;][vc_icon icon_fontawesome=&#8221;fa fa-user-o&#8221; color=&#8221;juicy_pink&#8221; size=&#8221;lg&#8221; align=&#8221;center&#8221;][\/vc_column_inner][vc_column_inner width=&#8221;2\/3&#8243;][vc_column_text]<\/p>\n<p><span style=\"font-family: Arial, Helvetica, sans-serif;\">Nelson Chicangana<\/span><\/p>\n<p>[\/vc_column_text][\/vc_column_inner][vc_column_inner width=&#8221;1\/6&#8243;][\/vc_column_inner][\/vc_row_inner][vc_row_inner][vc_column_inner width=&#8221;1\/6&#8243;][vc_icon icon_fontawesome=&#8221;fa fa-user-o&#8221; color=&#8221;juicy_pink&#8221; size=&#8221;lg&#8221; align=&#8221;center&#8221;][\/vc_column_inner][vc_column_inner width=&#8221;2\/3&#8243;][vc_column_text]<\/p>\n<p><span style=\"font-family: Arial, Helvetica, sans-serif;\">Juli\u00e1n Rivera<\/span><\/p>\n<p>[\/vc_column_text][\/vc_column_inner][vc_column_inner width=&#8221;1\/6&#8243;][\/vc_column_inner][\/vc_row_inner][\/vc_tta_section][\/vc_tta_accordion][\/vc_column][vc_column width=&#8221;1\/3&#8243;][vc_empty_space height=&#8221;96px&#8221;][vc_icon icon_fontawesome=&#8221;fa fa-users&#8221; color=&#8221;mulled_wine&#8221; size=&#8221;xl&#8221; align=&#8221;center&#8221;][\/vc_column][\/vc_row]<\/p>\n","protected":false},"excerpt":{"rendered":"<p>[vc_row][vc_column][vc_text_separator title=&#8221;Derechos de los Padres de Familia&#8221; border_width=&#8221;3&#8243;][vc_column_text] Conocer con anticipaci\u00f3n o en el momento de la matr\u00edcula las caracter\u00edsticas del establecimiento educativo, los principios que orientan el proyecto educativo institucional, el manual de convivencia, el plan de estudios, las estrategias pedag\u00f3gicas b\u00e1sicas, el sistema de evaluaci\u00f3n escolar y el plan de mejoramiento institucional. \u00a0Recibir [&hellip;]<\/p>\n","protected":false},"author":1,"featured_media":0,"parent":0,"menu_order":0,"comment_status":"closed","ping_status":"closed","template":"","meta":{"footnotes":""},"class_list":["post-272","page","type-page","status-publish","hentry"],"_links":{"self":[{"href":"https:\/\/www.realcsfa.edu.co\/portal\/wp-json\/wp\/v2\/pages\/272","targetHints":{"allow":["GET"]}}],"collection":[{"href":"https:\/\/www.realcsfa.edu.co\/portal\/wp-json\/wp\/v2\/pages"}],"about":[{"href":"https:\/\/www.realcsfa.edu.co\/portal\/wp-json\/wp\/v2\/types\/page"}],"author":[{"embeddable":true,"href":"https:\/\/www.realcsfa.edu.co\/portal\/wp-json\/wp\/v2\/users\/1"}],"replies":[{"embeddable":true,"href":"https:\/\/www.realcsfa.edu.co\/portal\/wp-json\/wp\/v2\/comments?post=272"}],"version-history":[{"count":7,"href":"https:\/\/www.realcsfa.edu.co\/portal\/wp-json\/wp\/v2\/pages\/272\/revisions"}],"predecessor-version":[{"id":667,"href":"https:\/\/www.realcsfa.edu.co\/portal\/wp-json\/wp\/v2\/pages\/272\/revisions\/667"}],"wp:attachment":[{"href":"https:\/\/www.realcsfa.edu.co\/portal\/wp-json\/wp\/v2\/media?parent=272"}],"curies":[{"name":"wp","href":"https:\/\/api.w.org\/{rel}","templated":true}]}}